{"id":24621,"date":"2025-02-26T12:02:02","date_gmt":"2025-02-26T17:02:02","guid":{"rendered":"https:\/\/waytec.pe\/productos\/?post_type=product&#038;p=24621"},"modified":"2025-02-26T12:02:03","modified_gmt":"2025-02-26T17:02:03","slug":"le-646224-gabinete-de-montaje-en-pared-19-pulgadas","status":"publish","type":"product","link":"https:\/\/waytec.pe\/productos\/p\/le-646224-gabinete-de-montaje-en-pared-19-pulgadas\/","title":{"rendered":"LE-646224 | GABINETE DE MONTAJE EN PARED 19 PULGADAS"},"content":{"rendered":"<div class=\"mb-4\">\n<h2>Caracter\u00edsticas del producto<\/h2>\n<ul class=\"pl-3 list-style-disc\">\n<li>Equipado con cuerpo pivotante reversible.<\/li>\n<li>Se suministra con derechos de 2&#215;19 pulgadas de altura regulables en profundidad y con marcado en U.\u00a0Juego de 2 derechos opcionales para instalar en la parte trasera del armario ref 646244<\/li>\n<li>Puerta reversible plana de cristal de seguridad con serigraf\u00eda y cerradura integrada<\/li>\n<li>3 entradas de cables precortadas (superior, inferior y trasera).\u00a0Perforaciones para ventilaci\u00f3n natural.\u00a0Tambi\u00e9n puede albergar el kit de ventilador ref 646238<\/li>\n<li>Gris antracita RAL 7016<\/li>\n<\/ul>\n<\/div>\n<h2>Recomendaci\u00f3n \/ Restricci\u00f3n<\/h2>\n<ul class=\"pl-3 list-style-disc\">\n<li>S\u00f3lo para uso en interiores<\/li>\n<\/ul>\n<h2 class=\"h4 title-divider\">Los beneficios del producto.<\/h2>\n<div class=\"mb-4\">\n<h5>Instalaci\u00f3n<\/h5>\n<ul class=\"pl-3 list-style-disc\">\n<li>El cuerpo pivotante permite un libre acceso a la parte trasera del armario para facilitar la instalaci\u00f3n y el mantenimiento.<\/li>\n<\/ul>\n<\/div>\n<div class=\"mb-4\">\n<h5>Uso<\/h5>\n<ul class=\"pl-3 list-style-disc\">\n<li>Gracias a su cerradura integrada se puede utilizar en cualquier espacio.<\/li>\n<\/ul>\n<\/div>\n<h5>Ventajas<\/h5>\n<ul class=\"pl-3 list-style-disc\">\n<li>La continuidad de las piezas conductoras met\u00e1licas del gabinete se logra mediante el dise\u00f1o.<\/li>\n<li>Protegido contra objetos s\u00f3lidos mayores a 12,5 mm (IP20) e impacto mec\u00e1nico con una energ\u00eda de 5 julios (IK08)<\/li>\n<li>El revestimiento de poli\u00e9ster texturizado proporciona una excelente resistencia a la corrosi\u00f3n y al rayado.<\/li>\n<\/ul>\n<h2><strong>Caracter\u00edsticas T\u00e9cnicas<\/strong><\/h2>\n<div class=\"col-sm-6\">\n<table class=\"table table-striped table-borderless table-two-column mb-4\">\n<tbody>\n<tr>\n<th>Nivel de ensamblado<\/th>\n<td>Parte frontal<\/td>\n<\/tr>\n<tr>\n<th>Modelo<\/th>\n<td>Con bastidor giratorio<\/td>\n<\/tr>\n<tr>\n<th>Ejecuci\u00f3n del perfil del carril<\/th>\n<td>En forma de L<\/td>\n<\/tr>\n<tr>\n<th>N\u00famero de puertas<\/th>\n<td>1<\/td>\n<\/tr>\n<tr>\n<th>Tipo de ventilaci\u00f3n<\/th>\n<td>Pasivo<\/td>\n<\/tr>\n<tr>\n<th>Anchura<\/th>\n<td>600 mm<\/td>\n<\/tr>\n<tr>\n<th>Altura<\/th>\n<td>892 mm<\/td>\n<\/tr>\n<tr>\n<th>Profundidad<\/th>\n<td>615 mm<\/td>\n<\/tr>\n<tr>\n<th>Tama\u00f1o modular (est\u00e1ndar)<\/th>\n<td>482,6 mm (19 pulgadas)<\/td>\n<\/tr>\n<tr>\n<th>N\u00famero de unidades de altura (UA)<\/th>\n<td>18<\/td>\n<\/tr>\n<tr>\n<th>Capacidad de carga m\u00e1xima<\/th>\n<td>54 kg<\/td>\n<\/tr>\n<tr>\n<th>Con placa de techo<\/th>\n<td>Si<\/td>\n<\/tr>\n<\/tbody>\n<\/table>\n<\/div>\n<div class=\"col-sm-6\">\n<table class=\"table table-striped table-borderless table-two-column mb-4\">\n<tbody>\n<tr>\n<th>Con puesta a tierra<\/th>\n<td>Si<\/td>\n<\/tr>\n<tr>\n<th>Con puerta frontal<\/th>\n<td>Si<\/td>\n<\/tr>\n<tr>\n<th>Con paredes laterales<\/th>\n<td>Si<\/td>\n<\/tr>\n<tr>\n<th>Analizable<\/th>\n<td>Si<\/td>\n<\/tr>\n<tr>\n<th>Material<\/th>\n<td>Acero<\/td>\n<\/tr>\n<tr>\n<th>Acabado de superficie<\/th>\n<td>Con revestimiento en polvo<\/td>\n<\/tr>\n<tr>\n<th>Color<\/th>\n<td>Gris<\/td>\n<\/tr>\n<tr>\n<th>N\u00famero RAL<\/th>\n<td>7016<\/td>\n<\/tr>\n<tr>\n<th>Clase de protecci\u00f3n (IP)<\/th>\n<td>IP20<\/td>\n<\/tr>\n<tr>\n<th>Grado de protecci\u00f3n (NEMA)<\/th>\n<td>Otros<\/td>\n<\/tr>\n<tr>\n<th>Resistencia al impacto<\/th>\n<td>IK08<\/td>\n<\/tr>\n<tr>\n<th>Equipado con puerta o cubierta<\/th>\n<td>Si<\/td>\n<\/tr>\n<\/tbody>\n<\/table>\n<\/div>\n","protected":false},"excerpt":{"rendered":"<p style=\"text-align: center\">El <strong>gabinete de montaje en pared 19 pulgadas 18U<\/strong> es una soluci\u00f3n de almacenamiento y organizaci\u00f3n para equipos de telecomunicaciones y TI, dise\u00f1ado para montarse en la pared. Con <strong>18U de altura<\/strong>, <strong>600 mm de ancho<\/strong> y <strong>610 mm de profundidad<\/strong>, este gabinete es ideal para alojar servidores, switches y otros dispositivos de red en espacios reducidos. Cuenta con un <strong>cuerpo pivotante trasero<\/strong>, lo que facilita el acceso y mantenimiento de los equipos, permitiendo girar el gabinete para una mejor gesti\u00f3n de cables y conexiones. Su dise\u00f1o robusto y compacto es perfecto para oficinas o entornos donde se requiere optimizar el espacio sin comprometer la capacidad de almacenamiento.<\/p>\n","protected":false},"featured_media":24626,"comment_status":"open","ping_status":"closed","template":"","meta":[],"product_cat":[108,89],"product_tag":[2122,2336,2393],"_links":{"self":[{"href":"https:\/\/waytec.pe\/productos\/wp-json\/wp\/v2\/product\/24621"}],"collection":[{"href":"https:\/\/waytec.pe\/productos\/wp-json\/wp\/v2\/product"}],"about":[{"href":"https:\/\/waytec.pe\/productos\/wp-json\/wp\/v2\/types\/product"}],"replies":[{"embeddable":true,"href":"https:\/\/waytec.pe\/productos\/wp-json\/wp\/v2\/comments?post=24621"}],"wp:featuredmedia":[{"embeddable":true,"href":"https:\/\/waytec.pe\/productos\/wp-json\/wp\/v2\/media\/24626"}],"wp:attachment":[{"href":"https:\/\/waytec.pe\/productos\/wp-json\/wp\/v2\/media?parent=24621"}],"wp:term":[{"taxonomy":"product_cat","embeddable":true,"href":"https:\/\/waytec.pe\/productos\/wp-json\/wp\/v2\/product_cat?post=24621"},{"taxonomy":"product_tag","embeddable":true,"href":"https:\/\/waytec.pe\/productos\/wp-json\/wp\/v2\/product_tag?post=24621"}],"curies":[{"name":"wp","href":"https:\/\/api.w.org\/{rel}","templated":true}]}}